{"id":1891,"date":"2021-10-15T12:09:31","date_gmt":"2021-10-15T10:09:31","guid":{"rendered":"https:\/\/www.vago.at\/esztetikai-gyogyaszat\/"},"modified":"2023-11-15T15:37:53","modified_gmt":"2023-11-15T14:37:53","slug":"esztetikai-gyogyaszat","status":"publish","type":"page","link":"https:\/\/www.vago.at\/hu\/esztetikai-gyogyaszat\/","title":{"rendered":"Eszt\u00e9tikai orvosl\u00e1s"},"content":{"rendered":"<p><a href=\"https:\/\/www.vago.at\/hu\/esztetikai-gyogyaszat\/friss-borkep\/\"><br \/>\n\t\t\t\t\t\t\t<img decoding=\"async\" width=\"600\" height=\"600\" src=\"https:\/\/www.vago.at\/wp-content\/uploads\/2021\/01\/frisches-hautbild.jpg\" alt=\"\" srcset=\"https:\/\/www.vago.at\/wp-content\/uploads\/2021\/01\/frisches-hautbild.jpg 600w, https:\/\/www.vago.at\/wp-content\/uploads\/2021\/01\/frisches-hautbild-300x300.jpg 300w, https:\/\/www.vago.at\/wp-content\/uploads\/2021\/01\/frisches-hautbild-150x150.jpg 150w, https:\/\/www.vago.at\/wp-content\/uploads\/2021\/01\/frisches-hautbild-570x570.jpg 570w, https:\/\/www.vago.at\/wp-content\/uploads\/2021\/01\/frisches-hautbild-500x500.jpg 500w\" sizes=\"(max-width: 600px) 100vw, 600px\" \/>\t\t\t\t\t\t\t\t<\/a><\/p>\n<h3>Friss b\u0151rk\u00e9p<\/h3>\n<p style=\"text-align: center;\">A b\u0151r n\u00e9ha sok stressznek van kit\u00e9ve a mindennapi \u00e9letben. A b\u0151rfiatal\u00edt\u00e1s gyorsan \u00e9s l\u00e1that\u00f3an jav\u00edtja az arcsz\u00ednt. A b\u0151r fiatalabbnak \u00e9s sim\u00e1bbnak t\u0171nik.<\/p>\n<p>\t<a href=\"https:\/\/www.vago.at\/hu\/esztetikai-gyogyaszat\/friss-borkep\/\" target=\"_self\" rel=\"noopener\"><br \/>\n\t    Tudj meg t\u00f6bbet\t<\/a><br \/>\n\t\t\t\t\t\t\t\t\t\t\t\t\t<a href=\"https:\/\/www.vago.at\/hu\/esztetikai-gyogyaszat\/tavolitsa-el-a-hegeket-es-csikokat\/\"><br \/>\n\t\t\t\t\t\t\t<img decoding=\"async\" width=\"600\" height=\"600\" src=\"https:\/\/www.vago.at\/wp-content\/uploads\/2021\/01\/narben-streifen.jpg\" alt=\"\" srcset=\"https:\/\/www.vago.at\/wp-content\/uploads\/2021\/01\/narben-streifen.jpg 600w, https:\/\/www.vago.at\/wp-content\/uploads\/2021\/01\/narben-streifen-300x300.jpg 300w, https:\/\/www.vago.at\/wp-content\/uploads\/2021\/01\/narben-streifen-150x150.jpg 150w, https:\/\/www.vago.at\/wp-content\/uploads\/2021\/01\/narben-streifen-570x570.jpg 570w, https:\/\/www.vago.at\/wp-content\/uploads\/2021\/01\/narben-streifen-500x500.jpg 500w\" sizes=\"(max-width: 600px) 100vw, 600px\" \/>\t\t\t\t\t\t\t\t<\/a><\/p>\n<h3>Hegeket \u00e9s cs\u00edkokat<\/h3>\n<p style=\"text-align: center;\">A stri\u00e1k, a nap \u00e1ltal okozott k\u00e1rok, az akn\u00e9s hegek, mindenf\u00e9le hegek, a r\u00e1ncok \u00e9s az \u00f6reged\u00e9s egy\u00e9b jelei mostant\u00f3l hat\u00e9konyan kezelhet\u0151k a frakcion\u00e1lt CO2 technol\u00f3gia leg\u00fajabb gener\u00e1ci\u00f3j\u00e1val.<\/p>\n<p>\t<a href=\"https:\/\/www.vago.at\/hu\/esztetikai-gyogyaszat\/tavolitsa-el-a-hegeket-es-csikokat\/\" target=\"_self\" rel=\"noopener\"><br \/>\n\t    Tudj meg t\u00f6bbet\t<\/a><br \/>\n\t\t\t\t\t\t\t\t\t\t\t\t\t<a href=\"https:\/\/www.vago.at\/hu\/esztetikai-gyogyaszat\/zsirleszivas\/\"><br \/>\n\t\t\t\t\t\t\t<img decoding=\"async\" width=\"600\" height=\"600\" src=\"https:\/\/www.vago.at\/wp-content\/uploads\/2021\/01\/fettabsaugung.jpg\" alt=\"\" srcset=\"https:\/\/www.vago.at\/wp-content\/uploads\/2021\/01\/fettabsaugung.jpg 600w, https:\/\/www.vago.at\/wp-content\/uploads\/2021\/01\/fettabsaugung-300x300.jpg 300w, https:\/\/www.vago.at\/wp-content\/uploads\/2021\/01\/fettabsaugung-150x150.jpg 150w, https:\/\/www.vago.at\/wp-content\/uploads\/2021\/01\/fettabsaugung-570x570.jpg 570w, https:\/\/www.vago.at\/wp-content\/uploads\/2021\/01\/fettabsaugung-500x500.jpg 500w\" sizes=\"(max-width: 600px) 100vw, 600px\" \/>\t\t\t\t\t\t\t\t<\/a><\/p>\n<h3>zs\u00edrlesz\u00edv\u00e1s<\/h3>\n<p style=\"text-align: center;\">A magas sz\u00ednvonal\u00fa zs\u00edrlesz\u00edv\u00e1ssal cs\u00f6kkentj\u00fck az ideges\u00edt\u0151 zs\u00edrlerak\u00f3d\u00e1sokat, amelyek m\u00e9g mozg\u00e1ssal, eg\u00e9szs\u00e9ges t\u00e1pl\u00e1lkoz\u00e1ssal \u00e9s di\u00e9t\u00e1s programokkal sem akarnak elolvadni. A zavar\u00f3 zs\u00edrlerak\u00f3d\u00e1sok l\u00e1that\u00f3an elt\u0171nnek, b\u0151re feszesebb\u00e9 v\u00e1lik.<\/p>\n<p>\t<a href=\"https:\/\/www.vago.at\/hu\/esztetikai-gyogyaszat\/zsirleszivas\/\" target=\"_self\" rel=\"noopener\"><br \/>\n\t    Tudj meg t\u00f6bbet\t<\/a><br \/>\n\t\t\t\t\t\t\t\t\t\t\t\t\t<a href=\"https:\/\/www.vago.at\/hu\/esztetikai-gyogyaszat\/tavolitsa-el-a-rancokat\/\"><br \/>\n\t\t\t\t\t\t\t<img decoding=\"async\" width=\"600\" height=\"600\" src=\"https:\/\/www.vago.at\/wp-content\/uploads\/2021\/01\/falten.jpg\" alt=\"\" srcset=\"https:\/\/www.vago.at\/wp-content\/uploads\/2021\/01\/falten.jpg 600w, https:\/\/www.vago.at\/wp-content\/uploads\/2021\/01\/falten-300x300.jpg 300w, https:\/\/www.vago.at\/wp-content\/uploads\/2021\/01\/falten-150x150.jpg 150w, https:\/\/www.vago.at\/wp-content\/uploads\/2021\/01\/falten-570x570.jpg 570w, https:\/\/www.vago.at\/wp-content\/uploads\/2021\/01\/falten-500x500.jpg 500w\" sizes=\"(max-width: 600px) 100vw, 600px\" \/>\t\t\t\t\t\t\t\t<\/a><\/p>\n<h3>R\u00e1ncokat<\/h3>\n<p style=\"text-align: center;\">A r\u00e1ncok az \u00e9let velej\u00e1r\u00f3i. Azonban el\u0151fordulhat, hogy k\u00e9nyelmetlen\u00fcl \u00e9rzi mag\u00e1t, \u00e9s t\u00f6bb\u00e9 nem akarja l\u00e1tni vagy \u00e9rezni a r\u00e1ncait. <\/p>\n<p>\t<a href=\"https:\/\/www.vago.at\/hu\/esztetikai-gyogyaszat\/tavolitsa-el-a-rancokat\/\" target=\"_self\" rel=\"noopener\"><br \/>\n\t    Tudj meg t\u00f6bbet\t<\/a><br \/>\n\t\t\t<a href=\"https:\/\/www.vago.at\/hu\/lipoedem-sajnos-bar-minden-tizedik-not-erint-alig-beszel-rola-valaki\/\" target=\"_self\" rel=\"noopener\"><\/a><img decoding=\"async\" itemprop=\"image\" src=\"https:\/\/www.vago.at\/wp-content\/uploads\/2020\/08\/widget-lipoedem.jpg\" alt=\"\" \/><\/p>\n<h5 style=\"font-size:25px;\">Lip\u00f6d\u00e9ma <br \/>van?<\/h5>\n<p><a href=\"https:\/\/www.vago.at\/hu\/lipoedem-sajnos-bar-minden-tizedik-not-erint-alig-beszel-rola-valaki\/\">Tudj meg t\u00f6bbet<\/a><br \/>\n\t\t\t<a href=\"https:\/\/www.vago.at\/hu\/borgyogyaszat\/praevention-von-hautkrebs\/\" target=\"_self\" rel=\"noopener\"><\/a><img decoding=\"async\" itemprop=\"image\" src=\"https:\/\/www.vago.at\/wp-content\/uploads\/2021\/01\/widget-face-1.jpg\" alt=\"\" \/><\/p>\n<h5 style=\"font-size:25px;\">\u00cdgy el\u0151zheti<br \/> meg a<br \/>b\u0151rr\u00e1kot<\/h5>\n<p><a href=\"https:\/\/www.vago.at\/hu\/borgyogyaszat\/praevention-von-hautkrebs\/\">Tudj meg t\u00f6bbet<\/a><br \/>\n\t\t\t<a href=\"https:\/\/www.vago.at\/hu\/vena-megbetegedesek\/\" target=\"_self\" rel=\"noopener\"><\/a><img decoding=\"async\" itemprop=\"image\" src=\"https:\/\/www.vago.at\/wp-content\/uploads\/2021\/01\/widget-krampfadern.jpg\" alt=\"\" \/><\/p>\n<h5 style=\"font-size:25px;\">V\u00e9n\u00e1s betegs\u00e9gek<br \/>id\u0151ben felismerni<br \/>\u00e9s kezelj\u00fck.<\/h5>\n<p><a href=\"https:\/\/www.vago.at\/hu\/vena-megbetegedesek\/\">Tudj meg t\u00f6bbet<\/a><\/p>\n","protected":false},"excerpt":{"rendered":"<p>Friss b\u0151rk\u00e9p A b\u0151r n\u00e9ha sok stressznek van kit\u00e9ve a mindennapi \u00e9letben. A b\u0151rfiatal\u00edt\u00e1s gyorsan \u00e9s l\u00e1that\u00f3an jav\u00edtja az arcsz\u00ednt. A b\u0151r fiatalabbnak \u00e9s sim\u00e1bbnak t\u0171nik. Tudj meg t\u00f6bbet Hegeket \u00e9s cs\u00edkokat A stri\u00e1k, a nap \u00e1ltal okozott k\u00e1rok, az akn\u00e9s hegek, mindenf\u00e9le hegek, a&#8230;<\/p>\n","protected":false},"author":2,"featured_media":0,"parent":0,"menu_order":0,"comment_status":"closed","ping_status":"closed","template":"full_width.php","meta":{"footnotes":""},"yoast_head":"<!-- This site is optimized with the Yoast SEO plugin v20.5 - https:\/\/yoast.com\/wordpress\/plugins\/seo\/ -->\n<title>Eszt\u00e9tikai orvosl\u00e1s, kozmetikai seb\u00e9szet Dr. V\u00e1g\u00f3 Bernadette 1100 B\u00e9csben<\/title>\n<meta name=\"description\" content=\"Most B\u00e9csben: \u00d6reged\u00e9sg\u00e1tl\u00f3 \u00e9s friss b\u0151r, terhess\u00e9gi nyomok elt\u00e1vol\u00edt\u00e1sa, zs\u00edrlesz\u00edv\u00e1s, r\u00e1nctalan\u00edt\u00e1s, v\u00e9gleges sz\u0151rtelen\u00edt\u00e9s\" \/>\n<meta name=\"robots\" content=\"index, follow, max-snippet:-1, max-image-preview:large, max-video-preview:-1\" \/>\n<link rel=\"canonical\" href=\"https:\/\/www.vago.at\/hu\/esztetikai-gyogyaszat\/\" \/>\n<meta property=\"og:locale\" content=\"hu_HU\" \/>\n<meta property=\"og:type\" content=\"article\" \/>\n<meta property=\"og:title\" content=\"Eszt\u00e9tikai orvosl\u00e1s, kozmetikai seb\u00e9szet Dr. V\u00e1g\u00f3 Bernadette 1100 B\u00e9csben\" \/>\n<meta property=\"og:description\" content=\"Most B\u00e9csben: \u00d6reged\u00e9sg\u00e1tl\u00f3 \u00e9s friss b\u0151r, terhess\u00e9gi nyomok elt\u00e1vol\u00edt\u00e1sa, zs\u00edrlesz\u00edv\u00e1s, r\u00e1nctalan\u00edt\u00e1s, v\u00e9gleges sz\u0151rtelen\u00edt\u00e9s\" \/>\n<meta property=\"og:url\" content=\"https:\/\/www.vago.at\/hu\/esztetikai-gyogyaszat\/\" \/>\n<meta property=\"og:site_name\" content=\"Haut\u00e4rztin Dr. Vago | Expertin f\u00fcr Lip\u00f6deme in Wien\" \/>\n<meta property=\"article:modified_time\" content=\"2023-11-15T14:37:53+00:00\" \/>\n<meta property=\"og:image\" content=\"https:\/\/www.vago.at\/wp-content\/uploads\/2021\/01\/frisches-hautbild.jpg\" \/>\n<meta name=\"twitter:card\" content=\"summary_large_image\" \/>\n<meta name=\"twitter:label1\" content=\"Becs\u00fclt olvas\u00e1si id\u0151\" \/>\n\t<meta name=\"twitter:data1\" content=\"1 perc\" \/>\n<script type=\"application\/ld+json\" class=\"yoast-schema-graph\">{\"@context\":\"https:\/\/schema.org\",\"@graph\":[{\"@type\":\"WebPage\",\"@id\":\"https:\/\/www.vago.at\/hu\/esztetikai-gyogyaszat\/\",\"url\":\"https:\/\/www.vago.at\/hu\/esztetikai-gyogyaszat\/\",\"name\":\"Eszt\u00e9tikai orvosl\u00e1s, kozmetikai seb\u00e9szet Dr. V\u00e1g\u00f3 Bernadette 1100 B\u00e9csben\",\"isPartOf\":{\"@id\":\"https:\/\/www.vago.at\/#website\"},\"datePublished\":\"2021-10-15T10:09:31+00:00\",\"dateModified\":\"2023-11-15T14:37:53+00:00\",\"description\":\"Most B\u00e9csben: \u00d6reged\u00e9sg\u00e1tl\u00f3 \u00e9s friss b\u0151r, terhess\u00e9gi nyomok elt\u00e1vol\u00edt\u00e1sa, zs\u00edrlesz\u00edv\u00e1s, r\u00e1nctalan\u00edt\u00e1s, v\u00e9gleges sz\u0151rtelen\u00edt\u00e9s\",\"breadcrumb\":{\"@id\":\"https:\/\/www.vago.at\/hu\/esztetikai-gyogyaszat\/#breadcrumb\"},\"inLanguage\":\"hu\",\"potentialAction\":[{\"@type\":\"ReadAction\",\"target\":[\"https:\/\/www.vago.at\/hu\/esztetikai-gyogyaszat\/\"]}]},{\"@type\":\"BreadcrumbList\",\"@id\":\"https:\/\/www.vago.at\/hu\/esztetikai-gyogyaszat\/#breadcrumb\",\"itemListElement\":[{\"@type\":\"ListItem\",\"position\":1,\"name\":\"Startseite\",\"item\":\"https:\/\/www.vago.at\/hu\/home\/\"},{\"@type\":\"ListItem\",\"position\":2,\"name\":\"Eszt\u00e9tikai orvosl\u00e1s\"}]},{\"@type\":\"WebSite\",\"@id\":\"https:\/\/www.vago.at\/#website\",\"url\":\"https:\/\/www.vago.at\/\",\"name\":\"Haut\u00e4rztin Dr. Vago | Expertin f\u00fcr Lip\u00f6deme in Wien\",\"description\":\"Ihre Expertin f\u00fcr Lip\u00f6dem, Venen &amp; Haut \u2013 modern, menschlich, medizinisch fundiert.\",\"potentialAction\":[{\"@type\":\"SearchAction\",\"target\":{\"@type\":\"EntryPoint\",\"urlTemplate\":\"https:\/\/www.vago.at\/?s={search_term_string}\"},\"query-input\":\"required name=search_term_string\"}],\"inLanguage\":\"hu\"}]}<\/script>\n<!-- \/ Yoast SEO plugin. -->","yoast_head_json":{"title":"Eszt\u00e9tikai orvosl\u00e1s, kozmetikai seb\u00e9szet Dr. V\u00e1g\u00f3 Bernadette 1100 B\u00e9csben","description":"Most B\u00e9csben: \u00d6reged\u00e9sg\u00e1tl\u00f3 \u00e9s friss b\u0151r, terhess\u00e9gi nyomok elt\u00e1vol\u00edt\u00e1sa, zs\u00edrlesz\u00edv\u00e1s, r\u00e1nctalan\u00edt\u00e1s, v\u00e9gleges sz\u0151rtelen\u00edt\u00e9s","robots":{"index":"index","follow":"follow","max-snippet":"max-snippet:-1","max-image-preview":"max-image-preview:large","max-video-preview":"max-video-preview:-1"},"canonical":"https:\/\/www.vago.at\/hu\/esztetikai-gyogyaszat\/","og_locale":"hu_HU","og_type":"article","og_title":"Eszt\u00e9tikai orvosl\u00e1s, kozmetikai seb\u00e9szet Dr. V\u00e1g\u00f3 Bernadette 1100 B\u00e9csben","og_description":"Most B\u00e9csben: \u00d6reged\u00e9sg\u00e1tl\u00f3 \u00e9s friss b\u0151r, terhess\u00e9gi nyomok elt\u00e1vol\u00edt\u00e1sa, zs\u00edrlesz\u00edv\u00e1s, r\u00e1nctalan\u00edt\u00e1s, v\u00e9gleges sz\u0151rtelen\u00edt\u00e9s","og_url":"https:\/\/www.vago.at\/hu\/esztetikai-gyogyaszat\/","og_site_name":"Haut\u00e4rztin Dr. Vago | Expertin f\u00fcr Lip\u00f6deme in Wien","article_modified_time":"2023-11-15T14:37:53+00:00","og_image":[{"url":"https:\/\/www.vago.at\/wp-content\/uploads\/2021\/01\/frisches-hautbild.jpg"}],"twitter_card":"summary_large_image","twitter_misc":{"Becs\u00fclt olvas\u00e1si id\u0151":"1 perc"},"schema":{"@context":"https:\/\/schema.org","@graph":[{"@type":"WebPage","@id":"https:\/\/www.vago.at\/hu\/esztetikai-gyogyaszat\/","url":"https:\/\/www.vago.at\/hu\/esztetikai-gyogyaszat\/","name":"Eszt\u00e9tikai orvosl\u00e1s, kozmetikai seb\u00e9szet Dr. V\u00e1g\u00f3 Bernadette 1100 B\u00e9csben","isPartOf":{"@id":"https:\/\/www.vago.at\/#website"},"datePublished":"2021-10-15T10:09:31+00:00","dateModified":"2023-11-15T14:37:53+00:00","description":"Most B\u00e9csben: \u00d6reged\u00e9sg\u00e1tl\u00f3 \u00e9s friss b\u0151r, terhess\u00e9gi nyomok elt\u00e1vol\u00edt\u00e1sa, zs\u00edrlesz\u00edv\u00e1s, r\u00e1nctalan\u00edt\u00e1s, v\u00e9gleges sz\u0151rtelen\u00edt\u00e9s","breadcrumb":{"@id":"https:\/\/www.vago.at\/hu\/esztetikai-gyogyaszat\/#breadcrumb"},"inLanguage":"hu","potentialAction":[{"@type":"ReadAction","target":["https:\/\/www.vago.at\/hu\/esztetikai-gyogyaszat\/"]}]},{"@type":"BreadcrumbList","@id":"https:\/\/www.vago.at\/hu\/esztetikai-gyogyaszat\/#breadcrumb","itemListElement":[{"@type":"ListItem","position":1,"name":"Startseite","item":"https:\/\/www.vago.at\/hu\/home\/"},{"@type":"ListItem","position":2,"name":"Eszt\u00e9tikai orvosl\u00e1s"}]},{"@type":"WebSite","@id":"https:\/\/www.vago.at\/#website","url":"https:\/\/www.vago.at\/","name":"Haut\u00e4rztin Dr. Vago | Expertin f\u00fcr Lip\u00f6deme in Wien","description":"Ihre Expertin f\u00fcr Lip\u00f6dem, Venen &amp; Haut \u2013 modern, menschlich, medizinisch fundiert.","potentialAction":[{"@type":"SearchAction","target":{"@type":"EntryPoint","urlTemplate":"https:\/\/www.vago.at\/?s={search_term_string}"},"query-input":"required name=search_term_string"}],"inLanguage":"hu"}]}},"_links":{"self":[{"href":"https:\/\/www.vago.at\/hu\/wp-json\/wp\/v2\/pages\/1891"}],"collection":[{"href":"https:\/\/www.vago.at\/hu\/wp-json\/wp\/v2\/pages"}],"about":[{"href":"https:\/\/www.vago.at\/hu\/wp-json\/wp\/v2\/types\/page"}],"author":[{"embeddable":true,"href":"https:\/\/www.vago.at\/hu\/wp-json\/wp\/v2\/users\/2"}],"replies":[{"embeddable":true,"href":"https:\/\/www.vago.at\/hu\/wp-json\/wp\/v2\/comments?post=1891"}],"version-history":[{"count":6,"href":"https:\/\/www.vago.at\/hu\/wp-json\/wp\/v2\/pages\/1891\/revisions"}],"predecessor-version":[{"id":2224,"href":"https:\/\/www.vago.at\/hu\/wp-json\/wp\/v2\/pages\/1891\/revisions\/2224"}],"wp:attachment":[{"href":"https:\/\/www.vago.at\/hu\/wp-json\/wp\/v2\/media?parent=1891"}],"curies":[{"name":"wp","href":"https:\/\/api.w.org\/{rel}","templated":true}]}}